{"version":"1.0","provider_name":"BICeB\u00e9 Blog","provider_url":"https:\/\/www.bicebebolivia.com\/blog","author_name":"Bienal del Cartel Bolivia BICeB\u00e9","author_url":"https:\/\/www.bicebebolivia.com\/blog\/author\/bicebe_usser\/","title":"BICeB\u00e9 2023: Se abren las inscripciones para los talleres, conferencias y charlas que se llevar\u00e1n a cabo en Santa Cruz y La Paz - BICeB\u00e9 Blog","type":"rich","width":600,"height":338,"html":"<blockquote class=\"wp-embedded-content\" data-secret=\"Q3nvGEa7w1\"><a href=\"https:\/\/www.bicebebolivia.com\/blog\/sin-categoria\/inscripciones-abiertas\/\">BICeB\u00e9 2023: Se abren las inscripciones para los talleres, conferencias y charlas que se llevar\u00e1n a cabo en Santa Cruz y La Paz<\/a><\/blockquote><iframe sandbox=\"allow-scripts\" security=\"restricted\" src=\"https:\/\/www.bicebebolivia.com\/blog\/sin-categoria\/inscripciones-abiertas\/embed\/#?secret=Q3nvGEa7w1\" width=\"600\" height=\"338\" title=\"\u00abBICeB\u00e9 2023: Se abren las inscripciones para los talleres, conferencias y charlas que se llevar\u00e1n a cabo en Santa Cruz y La Paz\u00bb \u2014 BICeB\u00e9 Blog\" data-secret=\"Q3nvGEa7w1\" frameborder=\"0\" marginwidth=\"0\" marginheight=\"0\" scrolling=\"no\" class=\"wp-embedded-content\"><\/iframe><script>\n\/*! This file is auto-generated *\/\n!function(d,l){\"use strict\";l.querySelector&&d.addEventListener&&\"undefined\"!=typeof URL&&(d.wp=d.wp||{},d.wp.receiveEmbedMessage||(d.wp.receiveEmbedMessage=function(e){var t=e.data;if((t||t.secret||t.message||t.value)&&!\/[^a-zA-Z0-9]\/.test(t.secret)){for(var s,r,n,a=l.querySelectorAll('iframe[data-secret=\"'+t.secret+'\"]'),o=l.querySelectorAll('blockquote[data-secret=\"'+t.secret+'\"]'),c=new RegExp(\"^https?:$\",\"i\"),i=0;i<o.length;i++)o[i].style.display=\"none\";for(i=0;i<a.length;i++)s=a[i],e.source===s.contentWindow&&(s.removeAttribute(\"style\"),\"height\"===t.message?(1e3<(r=parseInt(t.value,10))?r=1e3:~~r<200&&(r=200),s.height=r):\"link\"===t.message&&(r=new URL(s.getAttribute(\"src\")),n=new URL(t.value),c.test(n.protocol))&&n.host===r.host&&l.activeElement===s&&(d.top.location.href=t.value))}},d.addEventListener(\"message\",d.wp.receiveEmbedMessage,!1),l.addEventListener(\"DOMContentLoaded\",function(){for(var e,t,s=l.querySelectorAll(\"iframe.wp-embedded-content\"),r=0;r<s.length;r++)(t=(e=s[r]).getAttribute(\"data-secret\"))||(t=Math.random().toString(36).substring(2,12),e.src+=\"#?secret=\"+t,e.setAttribute(\"data-secret\",t)),e.contentWindow.postMessage({message:\"ready\",secret:t},\"*\")},!1)))}(window,document);\n\/\/# sourceURL=https:\/\/www.bicebebolivia.com\/blog\/wp-includes\/js\/wp-embed.min.js\n<\/script>\n","thumbnail_url":"http:\/\/www.bicebebolivia.com\/blog\/wp-content\/uploads\/2023\/08\/16-1024x633.png","thumbnail_width":1024,"thumbnail_height":633,"description":"Hay un descuento del 10% para quienes se inscriban hasta el 16 de septiembre. La Bienal del Cartel Bolivia se inicia el 20 de noviembre en Santa Cruz. La Bienal del Cartel Bolivia BICeB\u00e9 2023 habilita las inscripciones para los diferentes talleres, conferencias y charlas que se realizar\u00e1n tanto en Santa Cruz (del 20 al &hellip; Sigue leyendo"}